{"id":2729,"date":"2018-04-21T09:07:44","date_gmt":"2018-04-21T09:07:44","guid":{"rendered":"http:\/\/loklinde.de\/?page_id=2729"},"modified":"2026-04-21T17:31:33","modified_gmt":"2026-04-21T17:31:33","slug":"vorstand","status":"publish","type":"page","link":"http:\/\/loklinde.de\/index.php\/vorstand\/","title":{"rendered":"Vorstand"},"content":{"rendered":"<p>&nbsp;<\/p>\n<table style=\"height: 584px;\" width=\"813\">\n<tbody>\n<tr>\n<td>Vorstand<\/td>\n<td>Marc Schramm<\/p>\n<p><a href=\"mailto:vorsitzender@loklinde.de\" target=\"_blank\" rel=\"noopener\">vorsitzender@loklinde.de<\/a><\/td>\n<\/tr>\n<tr>\n<td>&nbsp;<\/td>\n<td>Christian Berger<\/td>\n<\/tr>\n<tr>\n<td>&nbsp;<\/td>\n<td>Michael Walter<\/td>\n<\/tr>\n<tr>\n<td>1. Kassierer<\/td>\n<td>Tobias Walter<\/td>\n<\/tr>\n<tr>\n<td>2. Kassiererin<\/td>\n<td>Anna Zeller<\/td>\n<\/tr>\n<tr>\n<td>1. Schriftf\u00fchrerin<\/td>\n<td>Vanessa Klemenz<\/td>\n<\/tr>\n<tr>\n<td>2. Schriftf\u00fchrer<\/td>\n<td>Tobias Schleicher<\/td>\n<\/tr>\n<tr>\n<td>Trainer<\/td>\n<td>Julian Heum\u00fcller, Jannik Hohmann, Felix M\u00fcller<\/td>\n<\/tr>\n<tr>\n<td>Kassenpr\u00fcfer<\/td>\n<td>Lou-Pascal Hau und Martin K\u00f6nig<\/td>\n<\/tr>\n<tr>\n<td>Grafik- und Medienbeauftragter (GMB)<\/td>\n<td>Stephan Schulz<\/td>\n<\/tr>\n<tr>\n<td>Vergn\u00fcgungsausschuss-Vorsitzender (VAV)<\/td>\n<td>Harald Ullrich<\/td>\n<\/tr>\n<tr>\n<td>Frauenbeauftragte<\/td>\n<td>Alexandra Schramm<\/td>\n<\/tr>\n<tr>\n<td>Container-Beauftragte<\/td>\n<td>Christoph Mehler und Carsten M\u00fcglich<\/td>\n<\/tr>\n<\/tbody>\n<\/table>\n","protected":false},"excerpt":{"rendered":"<p>&nbsp; Vorstand Marc Schramm vorsitzender@loklinde.de &nbsp; Christian Berger &nbsp; Michael Walter 1. Kassierer Tobias Walter 2. Kassiererin Anna Zeller 1. Schriftf\u00fchrerin Vanessa Klemenz 2. Schriftf\u00fchrer Tobias Schleicher Trainer Julian Heum\u00fcller, Jannik Hohmann, Felix M\u00fcller Kassenpr\u00fcfer Lou-Pascal Hau und Martin K\u00f6nig Grafik- und Medienbeauftragter (GMB) Stephan Schulz Vergn\u00fcgungsausschuss-Vorsitzender (VAV) Harald Ullrich Frauenbeauftragte Alexandra Schramm Container-Beauftragte Christoph [&hellip;]<\/p>\n","protected":false},"author":1,"featured_media":0,"parent":0,"menu_order":0,"comment_status":"closed","ping_status":"closed","template":"","meta":{"ngg_post_thumbnail":0,"footnotes":""},"class_list":["post-2729","page","type-page","status-publish","hentry"],"_links":{"self":[{"href":"http:\/\/loklinde.de\/index.php\/wp-json\/wp\/v2\/pages\/2729","targetHints":{"allow":["GET"]}}],"collection":[{"href":"http:\/\/loklinde.de\/index.php\/wp-json\/wp\/v2\/pages"}],"about":[{"href":"http:\/\/loklinde.de\/index.php\/wp-json\/wp\/v2\/types\/page"}],"author":[{"embeddable":true,"href":"http:\/\/loklinde.de\/index.php\/wp-json\/wp\/v2\/users\/1"}],"replies":[{"embeddable":true,"href":"http:\/\/loklinde.de\/index.php\/wp-json\/wp\/v2\/comments?post=2729"}],"version-history":[{"count":1,"href":"http:\/\/loklinde.de\/index.php\/wp-json\/wp\/v2\/pages\/2729\/revisions"}],"predecessor-version":[{"id":7093,"href":"http:\/\/loklinde.de\/index.php\/wp-json\/wp\/v2\/pages\/2729\/revisions\/7093"}],"wp:attachment":[{"href":"http:\/\/loklinde.de\/index.php\/wp-json\/wp\/v2\/media?parent=2729"}],"curies":[{"name":"wp","href":"https:\/\/api.w.org\/{rel}","templated":true}]}}